{"id":250,"date":"2024-01-10T09:36:16","date_gmt":"2024-01-10T08:36:16","guid":{"rendered":"https:\/\/collectifornormes.fr\/collectifornormes\/?page_id=250"},"modified":"2024-03-07T10:33:58","modified_gmt":"2024-03-07T09:33:58","slug":"o-co-construire","status":"publish","type":"page","link":"https:\/\/collectifornormes.fr\/VillagedesArts\/o-co-construire","title":{"rendered":"Co-Construire"},"content":{"rendered":"<style>\/*! elementor - v3.19.0 - 05-02-2024 *\/\n.elementor-heading-title{padding:0;margin:0;line-height:1}.elementor-widget-heading .elementor-heading-title[class*=elementor-size-]>a{color:inherit;font-size:inherit;line-height:inherit}.elementor-widget-heading .elementor-heading-title.elementor-size-small{font-size:15px}.elementor-widget-heading .elementor-heading-title.elementor-size-medium{font-size:19px}.elementor-widget-heading .elementor-heading-title.elementor-size-large{font-size:29px}.elementor-widget-heading .elementor-heading-title.elementor-size-xl{font-size:39px}.elementor-widget-heading .elementor-heading-title.elementor-size-xxl{font-size:59px}<\/style>\n<h2>\">\">ONDINE-LES-SOURCES<\/h2>\n<h2><i>Co-Construction<\/i><\/h2>\n<style>\/*! elementor - v3.19.0 - 05-02-2024 *\/\n.elementor-column .elementor-spacer-inner{height:var(--spacer-size)}.e-con{--container-widget-width:100%}.e-con-inner>.elementor-widget-spacer,.e-con>.elementor-widget-spacer{width:var(--container-widget-width,var(--spacer-size));--align-self:var(--container-widget-align-self,initial);--flex-shrink:0}.e-con-inner>.elementor-widget-spacer>.elementor-widget-container,.e-con>.elementor-widget-spacer>.elementor-widget-container{height:100%;width:100%}.e-con-inner>.elementor-widget-spacer>.elementor-widget-container>.elementor-spacer,.e-con>.elementor-widget-spacer>.elementor-widget-container>.elementor-spacer{height:100%}.e-con-inner>.elementor-widget-spacer>.elementor-widget-container>.elementor-spacer>.elementor-spacer-inner,.e-con>.elementor-widget-spacer>.elementor-widget-container>.elementor-spacer>.elementor-spacer-inner{height:var(--container-widget-height,var(--spacer-size))}.e-con-inner>.elementor-widget-spacer.elementor-widget-empty,.e-con>.elementor-widget-spacer.elementor-widget-empty{position:relative;min-height:22px;min-width:22px}.e-con-inner>.elementor-widget-spacer.elementor-widget-empty .elementor-widget-empty-icon,.e-con>.elementor-widget-spacer.elementor-widget-empty .elementor-widget-empty-icon{position:absolute;top:0;bottom:0;left:0;right:0;margin:auto;padding:0;width:22px;height:22px}<\/style>\n<h2>\">\">\">Montage des 6 d\u00f4mes g\u00e9od\u00e9siques<\/h2>\n<style>\/*! elementor - v3.19.0 - 05-02-2024 *\/\n.elementor-widget-image{text-align:center}.elementor-widget-image a{display:inline-block}.elementor-widget-image a img[src$=\".svg\"]{width:48px}.elementor-widget-image img{vertical-align:middle;display:inline-block}<\/style>\n<p>\t\t\t\t\t\t\t\t\t\t<img loading=\"lazy\" decoding=\"async\" width=\"1024\" height=\"768\" src=\"https:\/\/collectifornormes.fr\/VillagedesArts\/wp-content\/uploads\/2024\/01\/IMG-20231019-WA0004.jpg\" alt=\"\" srcset=\"https:\/\/collectifornormes.fr\/VillagedesArts\/wp-content\/uploads\/2024\/01\/IMG-20231019-WA0004.jpg 1024w, https:\/\/collectifornormes.fr\/VillagedesArts\/wp-content\/uploads\/2024\/01\/IMG-20231019-WA0004-300x225.jpg 300w, https:\/\/collectifornormes.fr\/VillagedesArts\/wp-content\/uploads\/2024\/01\/IMG-20231019-WA0004-768x576.jpg 768w\" sizes=\"auto, (max-width: 1024px) 100vw, 1024px\" \/>\t\t\t\t\t\t\t\t\t\t\t\t\t<\/p>\n<h2>\"><i>Ondine les sources <\/i>est un projet de territoire qui invite les habitants \u00e0 co-construire, durant 2 jours, le village constitu\u00e9 de six d\u00f4mes g\u00e9od\u00e9siques avec les membres du collectif Or Normes. Ces derniers ont \u00e9t\u00e9 form\u00e9s par le directeur de l\u2019entreprise \u201cLa tani\u00e8re \u00e0 M\u00e9m\u00e9\u201d qui a con\u00e7u les kits en bois et les b\u00e2ches nous permettant de monter les d\u00f4mes et de concevoir le village recevant les multiples activit\u00e9s et festivit\u00e9s programm\u00e9es.<br \/>\n<br \/>Id\u00e9alement, on forme 3 \u00e9quipes, chacune compos\u00e9e d\u2019un r\u00e9f\u00e9rent Or Normes et de 3 b\u00e9n\u00e9voles.  <\/h2>\n<h2>\">\">\">Conception du mobilier du village<\/h2>\n<p>\t\t\t\t\t\t\t\t\t\t\t\t\t<img loading=\"lazy\" decoding=\"async\" width=\"1024\" height=\"768\" src=\"https:\/\/collectifornormes.fr\/VillagedesArts\/wp-content\/uploads\/2024\/01\/IMG-20231019-WA0013.jpg\" alt=\"\" srcset=\"https:\/\/collectifornormes.fr\/VillagedesArts\/wp-content\/uploads\/2024\/01\/IMG-20231019-WA0013.jpg 1024w, https:\/\/collectifornormes.fr\/VillagedesArts\/wp-content\/uploads\/2024\/01\/IMG-20231019-WA0013-300x225.jpg 300w, https:\/\/collectifornormes.fr\/VillagedesArts\/wp-content\/uploads\/2024\/01\/IMG-20231019-WA0013-768x576.jpg 768w\" sizes=\"auto, (max-width: 1024px) 100vw, 1024px\" \/>\t\t\t\t\t\t\t\t\t\t\t\t\t<\/p>\n<h2>\">\">\">Une fois les d\u00f4mes mont\u00e9s et b\u00e2ch\u00e9s ; l\u2019esprit du village \u00e9tant l\u2019\u00e9co-conception, nous construisons avec l\u2019aide des b\u00e9n\u00e9voles, le mobilier du village \u00e0 partir de mat\u00e9riaux de r\u00e9cup\u00e9ration comme le sont les palettes ou encore des tourets et plus largement, les mat\u00e9riaux pr\u00e9sents sur le territoire. Une grande adaptabilit\u00e9 de la part des membres de l\u2019\u00e9quipe est mise en \u0153uvre pour concevoir collectivement le village dans un p\u00e9rim\u00e8tre local.<\/h2>\n<h2>Comment mettre en place la m\u00e9diation gr\u00e2ce aux d\u00f4mes ? <\/h2>\n<h2>\">\"><i>D\u00e9couvrez les activit\u00e9s propos\u00e9s dans les diff\u00e9rents d\u00f4mes<\/i><\/h2>\n<p>\t\t\t<a href=\"http:\/\/collectifornormes.fr\/collectifornormes\/0-transmettre\"><br \/>\n\t\t\t\t\t\tTransmettre<br \/>\n\t\t\t\t\t<\/a><\/p>\n","protected":false},"excerpt":{"rendered":"<p>\u00ab\u00a0>\u00a0\u00bb>ONDINE-LES-SOURCES Co-Construction \u00ab\u00a0>\u00a0\u00bb>\u00a0\u00bb>Montage des 6 d\u00f4mes g\u00e9od\u00e9siques \u00ab\u00a0>Ondine les sources est un projet de territoire qui invite les habitants \u00e0 co-construire, durant 2 jours, le village constitu\u00e9 de six d\u00f4mes g\u00e9od\u00e9siques avec les membres du collectif Or Normes. Ces derniers ont \u00e9t\u00e9 form\u00e9s par le directeur de l\u2019entreprise \u201cLa tani\u00e8re \u00e0 M\u00e9m\u00e9\u201d qui a con\u00e7u [&hellip;]<\/p>\n","protected":false},"author":3,"featured_media":0,"parent":0,"menu_order":0,"comment_status":"closed","ping_status":"closed","template":"elementor_theme","meta":{"footnotes":""},"class_list":["post-250","page","type-page","status-publish","hentry"],"_links":{"self":[{"href":"https:\/\/collectifornormes.fr\/VillagedesArts\/wp-json\/wp\/v2\/pages\/250","targetHints":{"allow":["GET"]}}],"collection":[{"href":"https:\/\/collectifornormes.fr\/VillagedesArts\/wp-json\/wp\/v2\/pages"}],"about":[{"href":"https:\/\/collectifornormes.fr\/VillagedesArts\/wp-json\/wp\/v2\/types\/page"}],"author":[{"embeddable":true,"href":"https:\/\/collectifornormes.fr\/VillagedesArts\/wp-json\/wp\/v2\/users\/3"}],"replies":[{"embeddable":true,"href":"https:\/\/collectifornormes.fr\/VillagedesArts\/wp-json\/wp\/v2\/comments?post=250"}],"version-history":[{"count":119,"href":"https:\/\/collectifornormes.fr\/VillagedesArts\/wp-json\/wp\/v2\/pages\/250\/revisions"}],"predecessor-version":[{"id":993,"href":"https:\/\/collectifornormes.fr\/VillagedesArts\/wp-json\/wp\/v2\/pages\/250\/revisions\/993"}],"wp:attachment":[{"href":"https:\/\/collectifornormes.fr\/VillagedesArts\/wp-json\/wp\/v2\/media?parent=250"}],"curies":[{"name":"wp","href":"https:\/\/api.w.org\/{rel}","templated":true}]}}