{"id":937,"date":"2024-07-04T17:53:08","date_gmt":"2024-07-04T15:53:08","guid":{"rendered":"https:\/\/collectifornormes.fr\/spectaclescollectifornormes\/?post_type=jetpack-portfolio&#038;p=937"},"modified":"2024-12-13T13:07:02","modified_gmt":"2024-12-13T12:07:02","slug":"ondine-et-le-village-des-arts","status":"publish","type":"jetpack-portfolio","link":"https:\/\/collectifornormes.fr\/spectaclescollectifornormes\/portfolio\/ondine-et-le-village-des-arts\/","title":{"rendered":"ONDINE et le Village des Arts"},"content":{"rendered":"\n<p>Pour tout savoir sur le projet du Village des arts, <a href=\"https:\/\/collectifornormes.fr\/VillagedesArts\/\" target=\"_blank\" rel=\"noreferrer noopener\">cliquez ici<\/a><\/p>\n\n\n\n<hr class=\"wp-block-separator has-alpha-channel-opacity\"\/>\n\n\n\n<p class=\"has-text-align-center\"><strong><span style=\"text-decoration: underline;\">PROCHAIN RENDEZ-VOUS<\/span><br><\/strong><a href=\"https:\/\/faiencerie-theatre.com\/mosaique\" target=\"_blank\" rel=\"noreferrer noopener\"><strong>FESTIVAL MOSA\u00cfQUE <\/strong><br><\/a><strong>\u00c2 NOGENT SUR OISE, PARC HEBERT<br>DU 23 AU 28 SEPTEMBRE 2024<\/strong><\/p>\n\n\n\n<p>Ondine fait partie des pi\u00e8ces de th\u00e9\u00e2tre les plus surnaturelles chez Jean Giraudoux !<br>Elle c\u00e9l\u00e8bre la pr\u00e9sence du village du d\u00f4me au sein du territoire qui l\u2019accueille.<\/p>\n\n\n<div class=\"wp-block-image\">\n<figure class=\"aligncenter size-large\"><img data-attachment-id=\"943\" data-permalink=\"https:\/\/collectifornormes.fr\/spectaclescollectifornormes\/portfolio\/ondine-et-le-village-des-arts\/dome-11\/\" data-orig-file=\"https:\/\/i1.wp.com\/collectifornormes.fr\/spectaclescollectifornormes\/wp-content\/uploads\/2024\/07\/Dome-11-scaled.jpg?fit=2560%2C1920&amp;ssl=1\" data-orig-size=\"2560,1920\" data-comments-opened=\"1\" data-image-meta=\"{&quot;aperture&quot;:&quot;1.6&quot;,&quot;credit&quot;:&quot;&quot;,&quot;camera&quot;:&quot;iPhone 12 mini&quot;,&quot;caption&quot;:&quot;&quot;,&quot;created_timestamp&quot;:&quot;1689374512&quot;,&quot;copyright&quot;:&quot;&quot;,&quot;focal_length&quot;:&quot;4.2&quot;,&quot;iso&quot;:&quot;1250&quot;,&quot;shutter_speed&quot;:&quot;0.052631578947368&quot;,&quot;title&quot;:&quot;&quot;,&quot;orientation&quot;:&quot;1&quot;}\" data-image-title=\"Dome-11\" data-image-description=\"\" data-medium-file=\"https:\/\/i1.wp.com\/collectifornormes.fr\/spectaclescollectifornormes\/wp-content\/uploads\/2024\/07\/Dome-11-scaled.jpg?fit=300%2C225&amp;ssl=1\" data-large-file=\"https:\/\/i1.wp.com\/collectifornormes.fr\/spectaclescollectifornormes\/wp-content\/uploads\/2024\/07\/Dome-11-scaled.jpg?fit=764%2C573&amp;ssl=1\" decoding=\"async\" loading=\"lazy\" width=\"764\" height=\"573\" src=\"https:\/\/i1.wp.com\/collectifornormes.fr\/spectaclescollectifornormes\/wp-content\/uploads\/2024\/07\/Dome-11.jpg?resize=764%2C573&#038;ssl=1\" alt=\"\" class=\"wp-image-943\" srcset=\"https:\/\/i1.wp.com\/collectifornormes.fr\/spectaclescollectifornormes\/wp-content\/uploads\/2024\/07\/Dome-11-scaled.jpg?resize=1024%2C768&amp;ssl=1 1024w, https:\/\/i1.wp.com\/collectifornormes.fr\/spectaclescollectifornormes\/wp-content\/uploads\/2024\/07\/Dome-11-scaled.jpg?resize=300%2C225&amp;ssl=1 300w, https:\/\/i1.wp.com\/collectifornormes.fr\/spectaclescollectifornormes\/wp-content\/uploads\/2024\/07\/Dome-11-scaled.jpg?resize=768%2C576&amp;ssl=1 768w, https:\/\/i1.wp.com\/collectifornormes.fr\/spectaclescollectifornormes\/wp-content\/uploads\/2024\/07\/Dome-11-scaled.jpg?resize=1536%2C1152&amp;ssl=1 1536w, https:\/\/i1.wp.com\/collectifornormes.fr\/spectaclescollectifornormes\/wp-content\/uploads\/2024\/07\/Dome-11-scaled.jpg?resize=2048%2C1536&amp;ssl=1 2048w, https:\/\/i1.wp.com\/collectifornormes.fr\/spectaclescollectifornormes\/wp-content\/uploads\/2024\/07\/Dome-11-scaled.jpg?resize=800%2C600&amp;ssl=1 800w, https:\/\/i1.wp.com\/collectifornormes.fr\/spectaclescollectifornormes\/wp-content\/uploads\/2024\/07\/Dome-11-scaled.jpg?w=2292&amp;ssl=1 2292w\" sizes=\"(max-width: 764px) 100vw, 764px\" data-recalc-dims=\"1\" \/><\/figure><\/div>\n\n\n<p><\/p>\n\n\n\n<p>Inspir\u00e9e du conte de la petite sir\u00e8ne, Ondine tombe amoureuse d\u2019un humain, un chevalier. Un pacte sera alors conclu avec son oncle, le Roi des Ondins: en l\u2019\u00e9pousant elle reste sur terre, si cet humain la trahit, il mourra et elle en perdra la m\u00e9moire.<\/p>\n\n\n\n<figure class=\"is-layout-flex wp-block-gallery-1 wp-block-gallery has-nested-images columns-default is-cropped\">\n<figure class=\"wp-block-image size-large\"><img data-attachment-id=\"962\" data-permalink=\"https:\/\/collectifornormes.fr\/spectaclescollectifornormes\/portfolio\/ondine-et-le-village-des-arts\/dsc06391\/\" data-orig-file=\"https:\/\/i2.wp.com\/collectifornormes.fr\/spectaclescollectifornormes\/wp-content\/uploads\/2024\/07\/DSC06391-scaled.jpg?fit=2560%2C1707&amp;ssl=1\" data-orig-size=\"2560,1707\" data-comments-opened=\"1\" data-image-meta=\"{&quot;aperture&quot;:&quot;2.8&quot;,&quot;credit&quot;:&quot;&quot;,&quot;camera&quot;:&quot;ILCE-6500&quot;,&quot;caption&quot;:&quot;&quot;,&quot;created_timestamp&quot;:&quot;1721763535&quot;,&quot;copyright&quot;:&quot;&quot;,&quot;focal_length&quot;:&quot;70&quot;,&quot;iso&quot;:&quot;3200&quot;,&quot;shutter_speed&quot;:&quot;0.02&quot;,&quot;title&quot;:&quot;&quot;,&quot;orientation&quot;:&quot;0&quot;}\" data-image-title=\"DSC06391\" data-image-description=\"\" data-medium-file=\"https:\/\/i2.wp.com\/collectifornormes.fr\/spectaclescollectifornormes\/wp-content\/uploads\/2024\/07\/DSC06391-scaled.jpg?fit=300%2C200&amp;ssl=1\" data-large-file=\"https:\/\/i2.wp.com\/collectifornormes.fr\/spectaclescollectifornormes\/wp-content\/uploads\/2024\/07\/DSC06391-scaled.jpg?fit=764%2C510&amp;ssl=1\" decoding=\"async\" loading=\"lazy\" width=\"764\" height=\"510\" data-id=\"962\"  src=\"https:\/\/i1.wp.com\/collectifornormes.fr\/spectaclescollectifornormes\/wp-content\/uploads\/2024\/07\/DSC06391.jpg?resize=764%2C510&#038;ssl=1\" alt=\"\" class=\"wp-image-962\" srcset=\"https:\/\/i2.wp.com\/collectifornormes.fr\/spectaclescollectifornormes\/wp-content\/uploads\/2024\/07\/DSC06391-scaled.jpg?resize=1024%2C683&amp;ssl=1 1024w, https:\/\/i2.wp.com\/collectifornormes.fr\/spectaclescollectifornormes\/wp-content\/uploads\/2024\/07\/DSC06391-scaled.jpg?resize=300%2C200&amp;ssl=1 300w, https:\/\/i2.wp.com\/collectifornormes.fr\/spectaclescollectifornormes\/wp-content\/uploads\/2024\/07\/DSC06391-scaled.jpg?resize=768%2C512&amp;ssl=1 768w, https:\/\/i2.wp.com\/collectifornormes.fr\/spectaclescollectifornormes\/wp-content\/uploads\/2024\/07\/DSC06391-scaled.jpg?resize=1536%2C1024&amp;ssl=1 1536w, https:\/\/i2.wp.com\/collectifornormes.fr\/spectaclescollectifornormes\/wp-content\/uploads\/2024\/07\/DSC06391-scaled.jpg?resize=2048%2C1365&amp;ssl=1 2048w, https:\/\/i2.wp.com\/collectifornormes.fr\/spectaclescollectifornormes\/wp-content\/uploads\/2024\/07\/DSC06391-scaled.jpg?w=2292&amp;ssl=1 2292w\" sizes=\"(max-width: 764px) 100vw, 764px\" data-recalc-dims=\"1\" \/><figcaption class=\"wp-element-caption\">En cr\u00e9ation<\/figcaption><\/figure>\n\n\n\n<figure class=\"wp-block-image size-large\"><img data-attachment-id=\"970\" data-permalink=\"https:\/\/collectifornormes.fr\/spectaclescollectifornormes\/portfolio\/ondine-et-le-village-des-arts\/dsc06467\/\" data-orig-file=\"https:\/\/i1.wp.com\/collectifornormes.fr\/spectaclescollectifornormes\/wp-content\/uploads\/2024\/07\/DSC06467-scaled.jpg?fit=2560%2C1707&amp;ssl=1\" data-orig-size=\"2560,1707\" data-comments-opened=\"1\" data-image-meta=\"{&quot;aperture&quot;:&quot;1.4&quot;,&quot;credit&quot;:&quot;&quot;,&quot;camera&quot;:&quot;ILCE-6500&quot;,&quot;caption&quot;:&quot;&quot;,&quot;created_timestamp&quot;:&quot;1721765266&quot;,&quot;copyright&quot;:&quot;&quot;,&quot;focal_length&quot;:&quot;30&quot;,&quot;iso&quot;:&quot;800&quot;,&quot;shutter_speed&quot;:&quot;0.003125&quot;,&quot;title&quot;:&quot;&quot;,&quot;orientation&quot;:&quot;0&quot;}\" data-image-title=\"DSC06467\" data-image-description=\"\" data-medium-file=\"https:\/\/i1.wp.com\/collectifornormes.fr\/spectaclescollectifornormes\/wp-content\/uploads\/2024\/07\/DSC06467-scaled.jpg?fit=300%2C200&amp;ssl=1\" data-large-file=\"https:\/\/i1.wp.com\/collectifornormes.fr\/spectaclescollectifornormes\/wp-content\/uploads\/2024\/07\/DSC06467-scaled.jpg?fit=764%2C510&amp;ssl=1\" decoding=\"async\" loading=\"lazy\" width=\"764\" height=\"510\" data-id=\"970\"  src=\"https:\/\/i2.wp.com\/collectifornormes.fr\/spectaclescollectifornormes\/wp-content\/uploads\/2024\/07\/DSC06467.jpg?resize=764%2C510&#038;ssl=1\" alt=\"\" class=\"wp-image-970\" srcset=\"https:\/\/i1.wp.com\/collectifornormes.fr\/spectaclescollectifornormes\/wp-content\/uploads\/2024\/07\/DSC06467-scaled.jpg?resize=1024%2C683&amp;ssl=1 1024w, https:\/\/i1.wp.com\/collectifornormes.fr\/spectaclescollectifornormes\/wp-content\/uploads\/2024\/07\/DSC06467-scaled.jpg?resize=300%2C200&amp;ssl=1 300w, https:\/\/i1.wp.com\/collectifornormes.fr\/spectaclescollectifornormes\/wp-content\/uploads\/2024\/07\/DSC06467-scaled.jpg?resize=768%2C512&amp;ssl=1 768w, https:\/\/i1.wp.com\/collectifornormes.fr\/spectaclescollectifornormes\/wp-content\/uploads\/2024\/07\/DSC06467-scaled.jpg?resize=1536%2C1024&amp;ssl=1 1536w, https:\/\/i1.wp.com\/collectifornormes.fr\/spectaclescollectifornormes\/wp-content\/uploads\/2024\/07\/DSC06467-scaled.jpg?resize=2048%2C1365&amp;ssl=1 2048w, https:\/\/i1.wp.com\/collectifornormes.fr\/spectaclescollectifornormes\/wp-content\/uploads\/2024\/07\/DSC06467-scaled.jpg?w=2292&amp;ssl=1 2292w\" sizes=\"(max-width: 764px) 100vw, 764px\" data-recalc-dims=\"1\" \/><figcaption class=\"wp-element-caption\">En cr\u00e9ation<\/figcaption><\/figure>\n\n\n\n<figure class=\"wp-block-image size-large\"><img data-attachment-id=\"971\" data-permalink=\"https:\/\/collectifornormes.fr\/spectaclescollectifornormes\/portfolio\/ondine-et-le-village-des-arts\/dsc06388\/\" data-orig-file=\"https:\/\/i1.wp.com\/collectifornormes.fr\/spectaclescollectifornormes\/wp-content\/uploads\/2024\/07\/DSC06388-scaled.jpg?fit=2560%2C1707&amp;ssl=1\" data-orig-size=\"2560,1707\" data-comments-opened=\"1\" data-image-meta=\"{&quot;aperture&quot;:&quot;2.8&quot;,&quot;credit&quot;:&quot;&quot;,&quot;camera&quot;:&quot;ILCE-6500&quot;,&quot;caption&quot;:&quot;&quot;,&quot;created_timestamp&quot;:&quot;1721763498&quot;,&quot;copyright&quot;:&quot;&quot;,&quot;focal_length&quot;:&quot;51&quot;,&quot;iso&quot;:&quot;2500&quot;,&quot;shutter_speed&quot;:&quot;0.008&quot;,&quot;title&quot;:&quot;&quot;,&quot;orientation&quot;:&quot;0&quot;}\" data-image-title=\"DSC06388\" data-image-description=\"\" data-medium-file=\"https:\/\/i1.wp.com\/collectifornormes.fr\/spectaclescollectifornormes\/wp-content\/uploads\/2024\/07\/DSC06388-scaled.jpg?fit=300%2C200&amp;ssl=1\" data-large-file=\"https:\/\/i1.wp.com\/collectifornormes.fr\/spectaclescollectifornormes\/wp-content\/uploads\/2024\/07\/DSC06388-scaled.jpg?fit=764%2C510&amp;ssl=1\" decoding=\"async\" loading=\"lazy\" width=\"764\" height=\"510\" data-id=\"971\"  src=\"https:\/\/i2.wp.com\/collectifornormes.fr\/spectaclescollectifornormes\/wp-content\/uploads\/2024\/07\/DSC06388.jpg?resize=764%2C510&#038;ssl=1\" alt=\"\" class=\"wp-image-971\" srcset=\"https:\/\/i1.wp.com\/collectifornormes.fr\/spectaclescollectifornormes\/wp-content\/uploads\/2024\/07\/DSC06388-scaled.jpg?resize=1024%2C683&amp;ssl=1 1024w, https:\/\/i1.wp.com\/collectifornormes.fr\/spectaclescollectifornormes\/wp-content\/uploads\/2024\/07\/DSC06388-scaled.jpg?resize=300%2C200&amp;ssl=1 300w, https:\/\/i1.wp.com\/collectifornormes.fr\/spectaclescollectifornormes\/wp-content\/uploads\/2024\/07\/DSC06388-scaled.jpg?resize=768%2C512&amp;ssl=1 768w, https:\/\/i1.wp.com\/collectifornormes.fr\/spectaclescollectifornormes\/wp-content\/uploads\/2024\/07\/DSC06388-scaled.jpg?w=1528&amp;ssl=1 1528w, https:\/\/i1.wp.com\/collectifornormes.fr\/spectaclescollectifornormes\/wp-content\/uploads\/2024\/07\/DSC06388-scaled.jpg?w=2292&amp;ssl=1 2292w\" sizes=\"(max-width: 764px) 100vw, 764px\" data-recalc-dims=\"1\" \/><figcaption class=\"wp-element-caption\">En cr\u00e9ation<\/figcaption><\/figure>\n<\/figure>\n\n\n\n<p>La repr\u00e9sentation de la pi\u00e8ce de th\u00e9\u00e2tre Ondine est le rendez-vous \u00e9v\u00e9nement donn\u00e9 aux habitants. Ils auront eu en amont le loisir d\u2019exp\u00e9rimenter les diff\u00e9rentes installations interactives et immersives au sein des d\u00f4mes dans le courant de la semaine, et de voir les com\u00e9diens r\u00e9p\u00e9ter dans l\u2019espace du village les soirs pr\u00e9c\u00e9dents.<br>Elle c\u00e9l\u00e8bre la pr\u00e9sence du village du d\u00f4me au sein du territoire qui l\u2019accueille.<br>En investissant spatialement le village compos\u00e9 de ces 6 d\u00f4mes, comme des bulles d\u2019eau \u00e0 la surface cr\u00e9\u00e9es \u00e0 l\u2019\u00e9chelle humaine, nous posons le d\u00e9cor de tous les possibles, nous nous projetons dans un autre temps dans une autre r\u00e9alit\u00e9 o\u00f9 le surnaturel peut cohabiter, le temps d\u2019une repr\u00e9sentation avec nous.<\/p>\n\n\n\n<figure class=\"wp-block-image size-large\"><img data-attachment-id=\"968\" data-permalink=\"https:\/\/collectifornormes.fr\/spectaclescollectifornormes\/portfolio\/ondine-et-le-village-des-arts\/dsc06446\/\" data-orig-file=\"https:\/\/i1.wp.com\/collectifornormes.fr\/spectaclescollectifornormes\/wp-content\/uploads\/2024\/07\/DSC06446-scaled.jpg?fit=2560%2C1707&amp;ssl=1\" data-orig-size=\"2560,1707\" data-comments-opened=\"1\" data-image-meta=\"{&quot;aperture&quot;:&quot;1.4&quot;,&quot;credit&quot;:&quot;&quot;,&quot;camera&quot;:&quot;ILCE-6500&quot;,&quot;caption&quot;:&quot;&quot;,&quot;created_timestamp&quot;:&quot;1721765138&quot;,&quot;copyright&quot;:&quot;&quot;,&quot;focal_length&quot;:&quot;30&quot;,&quot;iso&quot;:&quot;800&quot;,&quot;shutter_speed&quot;:&quot;0.003125&quot;,&quot;title&quot;:&quot;&quot;,&quot;orientation&quot;:&quot;0&quot;}\" data-image-title=\"DSC06446\" data-image-description=\"\" data-medium-file=\"https:\/\/i1.wp.com\/collectifornormes.fr\/spectaclescollectifornormes\/wp-content\/uploads\/2024\/07\/DSC06446-scaled.jpg?fit=300%2C200&amp;ssl=1\" data-large-file=\"https:\/\/i1.wp.com\/collectifornormes.fr\/spectaclescollectifornormes\/wp-content\/uploads\/2024\/07\/DSC06446-scaled.jpg?fit=764%2C510&amp;ssl=1\" decoding=\"async\" loading=\"lazy\" width=\"764\" height=\"510\" src=\"https:\/\/i1.wp.com\/collectifornormes.fr\/spectaclescollectifornormes\/wp-content\/uploads\/2024\/07\/DSC06446.jpg?resize=764%2C510&#038;ssl=1\" alt=\"\" class=\"wp-image-968\" srcset=\"https:\/\/i1.wp.com\/collectifornormes.fr\/spectaclescollectifornormes\/wp-content\/uploads\/2024\/07\/DSC06446-scaled.jpg?resize=1024%2C683&amp;ssl=1 1024w, https:\/\/i1.wp.com\/collectifornormes.fr\/spectaclescollectifornormes\/wp-content\/uploads\/2024\/07\/DSC06446-scaled.jpg?resize=300%2C200&amp;ssl=1 300w, https:\/\/i1.wp.com\/collectifornormes.fr\/spectaclescollectifornormes\/wp-content\/uploads\/2024\/07\/DSC06446-scaled.jpg?resize=768%2C512&amp;ssl=1 768w, https:\/\/i1.wp.com\/collectifornormes.fr\/spectaclescollectifornormes\/wp-content\/uploads\/2024\/07\/DSC06446-scaled.jpg?resize=1536%2C1024&amp;ssl=1 1536w, https:\/\/i1.wp.com\/collectifornormes.fr\/spectaclescollectifornormes\/wp-content\/uploads\/2024\/07\/DSC06446-scaled.jpg?resize=2048%2C1365&amp;ssl=1 2048w, https:\/\/i1.wp.com\/collectifornormes.fr\/spectaclescollectifornormes\/wp-content\/uploads\/2024\/07\/DSC06446-scaled.jpg?w=2292&amp;ssl=1 2292w\" sizes=\"(max-width: 764px) 100vw, 764px\" data-recalc-dims=\"1\" \/><\/figure>\n\n\n\n<p>La confrontation entre l\u2019humain et la nature est r\u00e9v\u00e9l\u00e9e par l\u2019intrusion du surnaturel dans nos mondes, et le th\u00e9\u00e2tre avec son art de la rupture, passant de la farce au drame, met \u00e0 distance notre propre Histoire.<br>Ondine emportera avec elle l\u2019\u00e2me de notre nature humaine.<\/p>\n\n\n\n<p><a rel=\"noreferrer noopener\" href=\"https:\/\/collectifornormes.fr\/VillagedesArts\/\" target=\"_blank\">En savoir plus <\/a><\/p>\n\n\n\n<p>Adaptation et mise en sc\u00e8ne &#8211; Christelle Derr\u00e9<br>Distribution :<br>ONDINE &#8211; Adeline Chaigne, <br>LE CHEVALIER HANS &#8211; David Br\u00e9maud,<br>EUG\u00c9NIE \/ LA REINE YSEULT \/ LE PREMIER JUGE &#8211; Anne-Charlotte Dupuis,<br>AUGUSTE \/ LE PREMIER P\u00caCHEUR \/ LE SECOND JUGE &#8211; St\u00e9phane Godefroy,<br>LE CHAMBELLAN \/ LE PO\u00c8TE \/ BERTRAM \/ LE SECOND P\u00caCHEUR \/ ULRICH &#8211; Anatole Devoucoux Du Buysson<br>BERTHA &#8211; Camille Leriche, LE ROI DES ONDINS\/ l\u2019ILLUSIONNISTE et LE ROI &#8211; Eric Bergeonneau<\/p>\n\n\n\n<p>Assistance mise en sc\u00e8ne : Swann Garnier, Cr\u00e9ation costume : Clara Hubert, Sc\u00e9nographie : Martin Rossi, Cr\u00e9ation lumi\u00e8re : Eric Seldubuisson, Cr\u00e9ation sonore : David Couturier, assistante plateau : Manon Picard. <br>Charg\u00e9e de production : Lucile Candiard. Diffusion : Sophie Daigne<\/p>\n\n\n\n<p class=\"has-text-align-center\"><em>Avec le soutien de : BPI France, DRAC Nouvelle Aquitaine, R\u00e9gion Nouvelle Aquitaine, Ville de Marmande, D\u00e9partement de la Vienne,\u00a0D\u00e9partement de la Haute Vienne, Communaut\u00e9 de Communes du Haut Limousin en Marche, Ville de Peyrat de Bellac, Ville de Bellac, Leader Feader Europe, L&rsquo;OARA, Le JTN, L&rsquo;APMAC, Th\u00e9\u00e2tre d&rsquo;Aurillac, Le PASVT.\u00a0<\/em><\/p>\n","protected":false},"excerpt":{"rendered":"<p>Ondine fait partie des pi\u00e8ces de th\u00e9\u00e2tre les plus surnaturelles chez Jean Giraudoux !<br \/>\nElle c\u00e9l\u00e8bre la pr\u00e9sence du village du d\u00f4me au sein du territoire qui l\u2019accueille.<\/p>\n","protected":false},"author":1,"featured_media":943,"comment_status":"closed","ping_status":"closed","template":"","meta":{"spay_email":"","jetpack_publicize_message":""},"tags":[2],"jetpack-portfolio-type":[11,12],"jetpack-portfolio-tag":[],"jetpack_publicize_connections":[],"jetpack_sharing_enabled":true,"jetpack_likes_enabled":true,"_links":{"self":[{"href":"https:\/\/collectifornormes.fr\/spectaclescollectifornormes\/wp-json\/wp\/v2\/jetpack-portfolio\/937"}],"collection":[{"href":"https:\/\/collectifornormes.fr\/spectaclescollectifornormes\/wp-json\/wp\/v2\/jetpack-portfolio"}],"about":[{"href":"https:\/\/collectifornormes.fr\/spectaclescollectifornormes\/wp-json\/wp\/v2\/types\/jetpack-portfolio"}],"author":[{"embeddable":true,"href":"https:\/\/collectifornormes.fr\/spectaclescollectifornormes\/wp-json\/wp\/v2\/users\/1"}],"replies":[{"embeddable":true,"href":"https:\/\/collectifornormes.fr\/spectaclescollectifornormes\/wp-json\/wp\/v2\/comments?post=937"}],"version-history":[{"count":11,"href":"https:\/\/collectifornormes.fr\/spectaclescollectifornormes\/wp-json\/wp\/v2\/jetpack-portfolio\/937\/revisions"}],"predecessor-version":[{"id":977,"href":"https:\/\/collectifornormes.fr\/spectaclescollectifornormes\/wp-json\/wp\/v2\/jetpack-portfolio\/937\/revisions\/977"}],"wp:featuredmedia":[{"embeddable":true,"href":"https:\/\/collectifornormes.fr\/spectaclescollectifornormes\/wp-json\/wp\/v2\/media\/943"}],"wp:attachment":[{"href":"https:\/\/collectifornormes.fr\/spectaclescollectifornormes\/wp-json\/wp\/v2\/media?parent=937"}],"wp:term":[{"taxonomy":"post_tag","embeddable":true,"href":"https:\/\/collectifornormes.fr\/spectaclescollectifornormes\/wp-json\/wp\/v2\/tags?post=937"},{"taxonomy":"jetpack-portfolio-type","embeddable":true,"href":"https:\/\/collectifornormes.fr\/spectaclescollectifornormes\/wp-json\/wp\/v2\/jetpack-portfolio-type?post=937"},{"taxonomy":"jetpack-portfolio-tag","embeddable":true,"href":"https:\/\/collectifornormes.fr\/spectaclescollectifornormes\/wp-json\/wp\/v2\/jetpack-portfolio-tag?post=937"}],"curies":[{"name":"wp","href":"https:\/\/api.w.org\/{rel}","templated":true}]}}