{"id":97,"date":"2023-10-31T14:57:11","date_gmt":"2023-10-31T13:57:11","guid":{"rendered":"https:\/\/spectaclescollectifornormes.wordpress.com\/?post_type=jetpack-portfolio&#038;p=97"},"modified":"2024-07-04T21:37:51","modified_gmt":"2024-07-04T19:37:51","slug":"albatros","status":"publish","type":"jetpack-portfolio","link":"https:\/\/collectifornormes.fr\/spectaclescollectifornormes\/portfolio\/albatros\/","title":{"rendered":"Albatros, de Fabrice Melquiot"},"content":{"rendered":"\n<h2 class=\"has-text-align-center\">Prochain rendez-vous<br>Le 7 d\u00e9cembre \u00e0 Poitiers, Centre d&rsquo;animation de BEAULIEU. <br>A 14H00 et 19H30<\/h2>\n\n\n\n<div data-carousel-extra='{\"blog_id\":1,\"permalink\":\"https:\\\/\\\/collectifornormes.fr\\\/spectaclescollectifornormes\\\/portfolio\\\/albatros\\\/\"}' class=\"is-content-justification-center is-layout-flex wp-container-1 wp-block-buttons\">\n<div data-carousel-extra='{\"blog_id\":1,\"permalink\":\"https:\\\/\\\/collectifornormes.fr\\\/spectaclescollectifornormes\\\/portfolio\\\/albatros\\\/\"}' class=\"wp-block-button is-style-outline\"><a class=\"wp-block-button__link wp-element-button\" href=\"https:\/\/my.weezevent.com\/albatros-au-centre-danimation-de-beaulieu-poitiers\" target=\"_blank\" rel=\"noreferrer noopener\">R\u00e9servez vos places<\/a><\/div>\n<\/div>\n\n\n\n<p><\/p>\n\n\n\n<figure class=\"wp-block-embed is-type-video is-provider-vimeo wp-block-embed-vimeo wp-embed-aspect-16-9 wp-has-aspect-ratio\"><div data-carousel-extra='{\"blog_id\":1,\"permalink\":\"https:\\\/\\\/collectifornormes.fr\\\/spectaclescollectifornormes\\\/portfolio\\\/albatros\\\/\"}' class=\"wp-block-embed__wrapper\">\n<div class=\"jetpack-video-wrapper\"><div class=\"embed-vimeo\" style=\"text-align: center;\"><iframe loading=\"lazy\" src=\"https:\/\/player.vimeo.com\/video\/290873910\" width=\"764\" height=\"430\" frameborder=\"0\" webkitallowfullscreen mozallowfullscreen allowfullscreen><\/iframe><\/div><\/div>\n<\/div><\/figure>\n\n\n\n<p><\/p>\n\n\n\n<p class=\"has-text-align-center has-medium-font-size\">\u00ab Casper \u00bb, 12 ans, et sa copine \u00ab Tite Pi\u00e8ce \u00bb, 10 ans, ont&nbsp;d\u00e9cid\u00e9 de squatter, \u00ab Les Trois Escaliers \u00bb, leur repaire,&nbsp;plut\u00f4t que de prendre le chemin de l\u2019\u00e9cole. Un jour que&nbsp;Casper est seul, \u00ab le G\u00e9nie de l\u2019huile de coude \u00bb appara\u00eet.&nbsp;Il lui annonce que dans trois jours, le monde va \u00eatre&nbsp;d\u00e9truit et que lui, Casper, a \u00e9t\u00e9 choisi pour sauver sept&nbsp;personnes qui reconstruiront,&nbsp;apr\u00e8s le cataclysme, la vie humaine sur la terre.<\/p>\n\n\n\n<figure class=\"is-layout-flex wp-block-gallery-2 wp-block-gallery has-nested-images columns-default is-cropped\">\n<figure class=\"wp-block-image size-large\"><img data-attachment-id=\"613\" data-permalink=\"https:\/\/collectifornormes.fr\/spectaclescollectifornormes\/_d8z2387\/\" data-orig-file=\"https:\/\/i1.wp.com\/collectifornormes.fr\/spectaclescollectifornormes\/wp-content\/uploads\/2020\/09\/D8Z2387.jpg?fit=1200%2C801&amp;ssl=1\" data-orig-size=\"1200,801\" data-comments-opened=\"1\" data-image-meta=\"{&quot;aperture&quot;:&quot;0&quot;,&quot;credit&quot;:&quot;&quot;,&quot;camera&quot;:&quot;&quot;,&quot;caption&quot;:&quot;&quot;,&quot;created_timestamp&quot;:&quot;0&quot;,&quot;copyright&quot;:&quot;Sylvia VASSEUR&quot;,&quot;focal_length&quot;:&quot;0&quot;,&quot;iso&quot;:&quot;0&quot;,&quot;shutter_speed&quot;:&quot;0&quot;,&quot;title&quot;:&quot;&quot;,&quot;orientation&quot;:&quot;0&quot;}\" data-image-title=\"_D8Z2387\" data-image-description=\"\" data-medium-file=\"https:\/\/i1.wp.com\/collectifornormes.fr\/spectaclescollectifornormes\/wp-content\/uploads\/2020\/09\/D8Z2387.jpg?fit=300%2C200&amp;ssl=1\" data-large-file=\"https:\/\/i1.wp.com\/collectifornormes.fr\/spectaclescollectifornormes\/wp-content\/uploads\/2020\/09\/D8Z2387.jpg?fit=764%2C510&amp;ssl=1\" decoding=\"async\" loading=\"lazy\" width=\"764\" height=\"510\" data-id=\"613\"  src=\"https:\/\/i1.wp.com\/collectifornormes.fr\/spectaclescollectifornormes\/wp-content\/uploads\/2020\/09\/D8Z2387.jpg?resize=764%2C510&#038;ssl=1\" alt=\"\" class=\"wp-image-613\" srcset=\"https:\/\/i1.wp.com\/collectifornormes.fr\/spectaclescollectifornormes\/wp-content\/uploads\/2020\/09\/D8Z2387.jpg?resize=1024%2C684&amp;ssl=1 1024w, https:\/\/i1.wp.com\/collectifornormes.fr\/spectaclescollectifornormes\/wp-content\/uploads\/2020\/09\/D8Z2387.jpg?resize=300%2C200&amp;ssl=1 300w, https:\/\/i1.wp.com\/collectifornormes.fr\/spectaclescollectifornormes\/wp-content\/uploads\/2020\/09\/D8Z2387.jpg?resize=768%2C513&amp;ssl=1 768w, https:\/\/i1.wp.com\/collectifornormes.fr\/spectaclescollectifornormes\/wp-content\/uploads\/2020\/09\/D8Z2387.jpg?w=1200&amp;ssl=1 1200w\" sizes=\"(max-width: 764px) 100vw, 764px\" data-recalc-dims=\"1\" \/><\/figure>\n\n\n\n<figure class=\"wp-block-image size-large\"><img data-attachment-id=\"615\" data-permalink=\"https:\/\/collectifornormes.fr\/spectaclescollectifornormes\/dsc07046\/\" data-orig-file=\"https:\/\/i2.wp.com\/collectifornormes.fr\/spectaclescollectifornormes\/wp-content\/uploads\/2020\/09\/DSC07046-scaled.jpg?fit=2560%2C1707&amp;ssl=1\" data-orig-size=\"2560,1707\" data-comments-opened=\"1\" data-image-meta=\"{&quot;aperture&quot;:&quot;2.8&quot;,&quot;credit&quot;:&quot;&quot;,&quot;camera&quot;:&quot;DSC-RX100M3&quot;,&quot;caption&quot;:&quot;&quot;,&quot;created_timestamp&quot;:&quot;1541699302&quot;,&quot;copyright&quot;:&quot;&quot;,&quot;focal_length&quot;:&quot;19.67&quot;,&quot;iso&quot;:&quot;6400&quot;,&quot;shutter_speed&quot;:&quot;0.01&quot;,&quot;title&quot;:&quot;&quot;,&quot;orientation&quot;:&quot;0&quot;}\" data-image-title=\"DSC07046\" data-image-description=\"\" data-medium-file=\"https:\/\/i2.wp.com\/collectifornormes.fr\/spectaclescollectifornormes\/wp-content\/uploads\/2020\/09\/DSC07046-scaled.jpg?fit=300%2C200&amp;ssl=1\" data-large-file=\"https:\/\/i2.wp.com\/collectifornormes.fr\/spectaclescollectifornormes\/wp-content\/uploads\/2020\/09\/DSC07046-scaled.jpg?fit=764%2C510&amp;ssl=1\" decoding=\"async\" loading=\"lazy\" width=\"764\" height=\"510\" data-id=\"615\"  src=\"https:\/\/i2.wp.com\/collectifornormes.fr\/spectaclescollectifornormes\/wp-content\/uploads\/2020\/09\/DSC07046.jpg?resize=764%2C510&#038;ssl=1\" alt=\"\" class=\"wp-image-615\" srcset=\"https:\/\/i2.wp.com\/collectifornormes.fr\/spectaclescollectifornormes\/wp-content\/uploads\/2020\/09\/DSC07046-scaled.jpg?resize=1024%2C683&amp;ssl=1 1024w, https:\/\/i2.wp.com\/collectifornormes.fr\/spectaclescollectifornormes\/wp-content\/uploads\/2020\/09\/DSC07046-scaled.jpg?resize=300%2C200&amp;ssl=1 300w, https:\/\/i2.wp.com\/collectifornormes.fr\/spectaclescollectifornormes\/wp-content\/uploads\/2020\/09\/DSC07046-scaled.jpg?resize=768%2C512&amp;ssl=1 768w, https:\/\/i2.wp.com\/collectifornormes.fr\/spectaclescollectifornormes\/wp-content\/uploads\/2020\/09\/DSC07046-scaled.jpg?resize=1536%2C1024&amp;ssl=1 1536w, https:\/\/i2.wp.com\/collectifornormes.fr\/spectaclescollectifornormes\/wp-content\/uploads\/2020\/09\/DSC07046-scaled.jpg?resize=2048%2C1365&amp;ssl=1 2048w, https:\/\/i2.wp.com\/collectifornormes.fr\/spectaclescollectifornormes\/wp-content\/uploads\/2020\/09\/DSC07046-scaled.jpg?w=2292&amp;ssl=1 2292w\" sizes=\"(max-width: 764px) 100vw, 764px\" data-recalc-dims=\"1\" \/><\/figure>\n<\/figure>\n\n\n\n<p class=\"has-text-align-center\">Avec&nbsp;<em>Albatros,&nbsp;<\/em>la plume de Melquiot s\u2019envole encore vers des horizons in\u00e9dits. Casper et Tite Pi\u00e8ce, plut\u00f4t que de suivre le chemin de l\u2019\u00e9cole, se retrouvent tous les jours sur les trois escaliers, au carrefour des voitures noires. Un jour apparait un curieux personnage , \u00ab le G\u00e9nie de l&rsquo;huile de coude \u00bb qui demande \u00e0 Casper de sauver le monde&#8230;<\/p>\n\n\n\n<p class=\"has-text-align-center\">Souvent destin\u00e9e au jeune public,&nbsp;la plume de l\u2019auteur Fabrice Melquiot est unique.&nbsp;Unique car profond\u00e9ment iconoclaste, surr\u00e9aliste, a\u00e9rienne, ouverte \u00e0 tous les fantasmes de metteur en sc\u00e8ne. Unique car puissante, parfois dure, \u00e2pre et sans d\u00e9tours, mais&nbsp;toujours gorg\u00e9e d\u2019une humanit\u00e9 saisissante.&nbsp;Elle brouille les fronti\u00e8res, les m\u00e9lange, les fusionne. <\/p>\n\n\n\n<p class=\"has-text-align-center\">En coproduction avec La Coursive, Sc\u00e8ne Nationale de la Rochelle et l&rsquo;OARA<\/p>\n\n\n\n<p class=\"has-text-align-center\">Th\u00e9\u00e2tre &#8211; Animation<br>A partir de 11 ans<br>Dur\u00e9e 1h20<\/p>\n\n\n\n<figure class=\"wp-block-embed is-type-video is-provider-vimeo wp-block-embed-vimeo wp-embed-aspect-16-9 wp-has-aspect-ratio\"><div data-carousel-extra='{\"blog_id\":1,\"permalink\":\"https:\\\/\\\/collectifornormes.fr\\\/spectaclescollectifornormes\\\/portfolio\\\/albatros\\\/\"}' class=\"wp-block-embed__wrapper\">\n<div class=\"jetpack-video-wrapper\"><div class=\"embed-vimeo\" style=\"text-align: center;\"><iframe loading=\"lazy\" src=\"https:\/\/player.vimeo.com\/video\/200996178\" width=\"764\" height=\"430\" frameborder=\"0\" webkitallowfullscreen mozallowfullscreen allowfullscreen><\/iframe><\/div><\/div>\n<\/div><\/figure>\n\n\n\n<p class=\"has-text-align-center\">Christelle Derr\u00e9, metteuse en sc\u00e8ne passionn\u00e9e d\u2019art num\u00e9rique, a pens\u00e9&nbsp;<i>Albatros<\/i>&nbsp;comme&nbsp;<span class=\"s1\"><b>une rencontre entre th\u00e9\u00e2tre et animation, entre r\u00e9el et virtuel, banal et fantastique.&nbsp;<\/b><\/span>La sc\u00e8ne se meut ainsi en une immense planche \u00e0 dessin o\u00f9 sont projet\u00e9es les cr\u00e9ations graphiques de GYOMH, artiste dessinateur et vid\u00e9aste. Face au regard des deux enfants, la grande ville se transforme, se bouleverse, se r\u00e9v\u00e8le\u2026<\/p>\n\n\n\n<figure class=\"wp-block-embed is-type-video is-provider-vimeo wp-block-embed-vimeo wp-embed-aspect-16-9 wp-has-aspect-ratio\"><div data-carousel-extra='{\"blog_id\":1,\"permalink\":\"https:\\\/\\\/collectifornormes.fr\\\/spectaclescollectifornormes\\\/portfolio\\\/albatros\\\/\"}' class=\"wp-block-embed__wrapper\">\n<div class=\"jetpack-video-wrapper\"><div class=\"embed-vimeo\" style=\"text-align: center;\"><iframe loading=\"lazy\" src=\"https:\/\/player.vimeo.com\/video\/195975668\" width=\"764\" height=\"430\" frameborder=\"0\" webkitallowfullscreen mozallowfullscreen allowfullscreen><\/iframe><\/div><\/div>\n<\/div><\/figure>\n\n\n\n<p class=\"has-text-align-center\">C\u2019est toute la magie du th\u00e9\u00e2tre et des possibilit\u00e9s narratives infinies des nouveaux outils num\u00e9riques qui se mettent en jeu.<\/p>\n\n\n\n<p><span class=\"s1\"><b>D\u00e9sormais la sc\u00e8ne, comme l\u2019imagination enfantine, n\u2019a plus de limites.<\/b><\/span><\/p>\n\n\n\n<figure class=\"wp-block-embed is-type-video is-provider-vimeo wp-block-embed-vimeo wp-embed-aspect-16-9 wp-has-aspect-ratio\"><div data-carousel-extra='{\"blog_id\":1,\"permalink\":\"https:\\\/\\\/collectifornormes.fr\\\/spectaclescollectifornormes\\\/portfolio\\\/albatros\\\/\"}' class=\"wp-block-embed__wrapper\">\n<div class=\"jetpack-video-wrapper\"><div class=\"embed-vimeo\" style=\"text-align: center;\"><iframe loading=\"lazy\" src=\"https:\/\/player.vimeo.com\/video\/195978757\" width=\"764\" height=\"430\" frameborder=\"0\" webkitallowfullscreen mozallowfullscreen allowfullscreen><\/iframe><\/div><\/div>\n<\/div><\/figure>\n\n\n\n<p class=\"has-text-align-center has-normal-font-size\"><span class=\"s2\">texte&nbsp;<\/span><b>Fabrice Melquiot<\/b><br><span class=\"s2\">mise en sc\u00e8ne&nbsp;<\/span><b>Christelle Derr\u00e9<\/b><br>dessin et animation&nbsp;<span class=\"s1\"><b>GYOMH<\/b><\/span><br><span class=\"s1\">costumes&nbsp;<\/span><b>Olympe Bouchet<\/b><br>\u00e9ducateur des oiseaux pour la sc\u00e8ne, L\u2019Oiseleur&nbsp;<span class=\"s1\"><b>Tristan Plot<\/b><\/span>&nbsp;(\u00e0 Vol d\u2019Oiseau)<br>sc\u00e9nographie et interface multim\u00e9dia&nbsp;<span class=\"s1\"><b>Martin Rossi<\/b><\/span><br>cr\u00e9ation musicale<span class=\"s1\"><b>&nbsp;David Couturier<\/b><\/span><\/p>\n\n\n<div class=\"jetpack-video-wrapper\">\n<div class=\"embed-vimeo\" style=\"text-align: center;\"><iframe loading=\"lazy\" src=\"https:\/\/player.vimeo.com\/video\/195971328\" width=\"764\" height=\"430\" frameborder=\"0\" webkitallowfullscreen mozallowfullscreen allowfullscreen><\/iframe><\/div>\n<\/div>\n\n\n\n<p class=\"has-text-align-center\">avec<br>Camille Leriche<br>Anatole Devoucoux Du Buysson<br>Eric Bergeonneau \/ <b>Bertrand Farge<\/b><br><b>St\u00e9phane Godefroy<\/b><\/p>\n\n\n\n<figure class=\"wp-block-embed is-type-video is-provider-vimeo wp-block-embed-vimeo wp-embed-aspect-16-9 wp-has-aspect-ratio\"><div data-carousel-extra='{\"blog_id\":1,\"permalink\":\"https:\\\/\\\/collectifornormes.fr\\\/spectaclescollectifornormes\\\/portfolio\\\/albatros\\\/\"}' class=\"wp-block-embed__wrapper\">\n<div class=\"jetpack-video-wrapper\"><div class=\"embed-vimeo\" style=\"text-align: center;\"><iframe loading=\"lazy\" src=\"https:\/\/player.vimeo.com\/video\/262942128\" width=\"764\" height=\"430\" frameborder=\"0\" webkitallowfullscreen mozallowfullscreen allowfullscreen><\/iframe><\/div><\/div>\n<\/div><\/figure>\n\n\n\n<p class=\"has-text-align-center\"><span class=\"s1\"><b>Production<\/b><\/span>&nbsp;Collectif Or NOrmes<br><b>Coproduction<\/b><span class=\"s2\">&nbsp;l\u2019OARA,&nbsp;<\/span><b>La Coursive<\/b><br>L\u2019Arche est \u00e9diteur et agent th\u00e9\u00e2tral du texte repr\u00e9sent\u00e9.<br> <a class=\"\" href=\"http:\/\/www.arche-editeur.com\/\">www.arche-editeur.com<\/a><br>Charg\u00e9e de production Murielle Sylvestre 06 79 67 40 44<\/p>\n\n\n\n<p class=\"has-text-align-center\"><strong>Partenaires en r\u00e9sidence de cr\u00e9ation<\/strong> Maison des Trois Quartiers Poitiers, Th\u00e9\u00e2tre La Pal\u00e8ne Rouillac, Th\u00e9\u00e2tre La Margelle Civray, TAP Sc\u00e8ne Nationale Poitiers, Centre d\u2019Animation de Beaulieu Poitiers, Salle La Quintaine Chasseneuil du Poitou, Th\u00e9\u00e2tre du Clo\u00eetre Bellac&nbsp;<strong><span class=\"s1\">avec l\u2019aide<\/span>&nbsp;de<\/strong> la Ville de Poitiers, la R\u00e9gion Nouvelle Aquitaine, la Spedidam, D\u00e9partement de la Vienne&nbsp;<strong><span class=\"s1\">avec la participation<\/span>&nbsp;artistique<\/strong> du Jeune Th\u00e9\u00e2tre National<\/p>\n\n\n\n<div data-carousel-extra='{\"blog_id\":1,\"permalink\":\"https:\\\/\\\/collectifornormes.fr\\\/spectaclescollectifornormes\\\/portfolio\\\/albatros\\\/\"}' class=\"wp-block-file\"><a id=\"wp-block-file--media-9863664d-58ce-45f4-9635-91957f414215\" href=\"https:\/\/collectifornormes.fr\/spectaclescollectifornormes\/wp-content\/uploads\/2023\/01\/ALBATROS-Dossier-Artistique-2021-2022-COLLECTIF-OR-NORMES-1.pdf\"><strong><em><span class=\"has-inline-color has-vivid-cyan-blue-color\">Dossier artistique &#8211; ALBATROS<\/span><\/em><\/strong><\/a><a href=\"https:\/\/collectifornormes.fr\/spectaclescollectifornormes\/wp-content\/uploads\/2023\/01\/ALBATROS-Dossier-Artistique-2021-2022-COLLECTIF-OR-NORMES-1.pdf\" class=\"wp-block-file__button wp-element-button\" download aria-describedby=\"wp-block-file--media-9863664d-58ce-45f4-9635-91957f414215\">T\u00e9l\u00e9charger<\/a><\/div>\n\n\n\n<p class=\"has-text-align-center has-small-font-size\">Voir aussi :<br><a href=\"http:\/\/gyomh.fr\/\">http:\/\/gyomh.fr\/<\/a>, &nbsp;<a href=\"http:\/\/coutusoundmaker.com\/\">http:\/\/coutusoundmaker.com\/<\/a><\/p>\n\n\n<div class=\"wp-block-image\">\n<figure class=\"aligncenter\"><a href=\"https:\/\/i2.wp.com\/collectifornormes.fr\/spectaclescollectifornormes\/wp-content\/uploads\/2017\/08\/Bandeau-Partenaires-01.png\"><img data-attachment-id=\"469\" data-permalink=\"https:\/\/collectifornormes.fr\/spectaclescollectifornormes\/portfolio\/albatros\/bandeau-partenaires-01\/\" data-orig-file=\"https:\/\/i2.wp.com\/collectifornormes.fr\/spectaclescollectifornormes\/wp-content\/uploads\/2017\/08\/Bandeau-Partenaires-01.png?fit=5469%2C378&amp;ssl=1\" data-orig-size=\"5469,378\" data-comments-opened=\"1\" data-image-meta=\"{&quot;aperture&quot;:&quot;0&quot;,&quot;credit&quot;:&quot;&quot;,&quot;camera&quot;:&quot;&quot;,&quot;caption&quot;:&quot;&quot;,&quot;created_timestamp&quot;:&quot;0&quot;,&quot;copyright&quot;:&quot;&quot;,&quot;focal_length&quot;:&quot;0&quot;,&quot;iso&quot;:&quot;0&quot;,&quot;shutter_speed&quot;:&quot;0&quot;,&quot;title&quot;:&quot;&quot;,&quot;orientation&quot;:&quot;0&quot;}\" data-image-title=\"Bandeau Partenaires-01\" data-image-description=\"\" data-medium-file=\"https:\/\/i2.wp.com\/collectifornormes.fr\/spectaclescollectifornormes\/wp-content\/uploads\/2017\/08\/Bandeau-Partenaires-01.png?fit=300%2C21&amp;ssl=1\" data-large-file=\"https:\/\/i2.wp.com\/collectifornormes.fr\/spectaclescollectifornormes\/wp-content\/uploads\/2017\/08\/Bandeau-Partenaires-01.png?fit=764%2C53&amp;ssl=1\" decoding=\"async\" loading=\"lazy\" width=\"764\" height=\"53\" src=\"https:\/\/i2.wp.com\/collectifornormes.fr\/spectaclescollectifornormes\/wp-content\/uploads\/2017\/08\/Bandeau-Partenaires-01-768x53.png?resize=764%2C53\" alt=\"\" class=\"wp-image-469\" srcset=\"https:\/\/i2.wp.com\/collectifornormes.fr\/spectaclescollectifornormes\/wp-content\/uploads\/2017\/08\/Bandeau-Partenaires-01.png?resize=768%2C53&amp;ssl=1 768w, https:\/\/i2.wp.com\/collectifornormes.fr\/spectaclescollectifornormes\/wp-content\/uploads\/2017\/08\/Bandeau-Partenaires-01.png?resize=300%2C21&amp;ssl=1 300w, https:\/\/i2.wp.com\/collectifornormes.fr\/spectaclescollectifornormes\/wp-content\/uploads\/2017\/08\/Bandeau-Partenaires-01.png?resize=1024%2C71&amp;ssl=1 1024w, https:\/\/i2.wp.com\/collectifornormes.fr\/spectaclescollectifornormes\/wp-content\/uploads\/2017\/08\/Bandeau-Partenaires-01.png?w=1528&amp;ssl=1 1528w, https:\/\/i2.wp.com\/collectifornormes.fr\/spectaclescollectifornormes\/wp-content\/uploads\/2017\/08\/Bandeau-Partenaires-01.png?w=2292&amp;ssl=1 2292w\" sizes=\"(max-width: 764px) 100vw, 764px\" data-recalc-dims=\"1\" \/><\/a><\/figure><\/div>","protected":false},"excerpt":{"rendered":"<p>Prochain rendez-vousLe 7 d\u00e9cembre \u00e0 Poitiers, Centre d&rsquo;animation de BEAULIEU. A 14H00 et 19H30 \u00ab Casper \u00bb, 12 ans, et sa copine \u00ab Tite Pi\u00e8ce \u00bb, 10 ans, ont&nbsp;d\u00e9cid\u00e9 de squatter, \u00ab Les Trois Escaliers \u00bb, leur repaire,&nbsp;plut\u00f4t que de prendre le chemin de l\u2019\u00e9cole. Un jour que&nbsp;Casper est seul, \u00ab le G\u00e9nie de l\u2019huile [&hellip;]<\/p>\n","protected":false},"author":1,"featured_media":922,"comment_status":"closed","ping_status":"closed","template":"","meta":{"spay_email":"","jetpack_publicize_message":""},"tags":[],"jetpack-portfolio-type":[5,12],"jetpack-portfolio-tag":[],"jetpack_publicize_connections":[],"jetpack_sharing_enabled":true,"jetpack_likes_enabled":true,"_links":{"self":[{"href":"https:\/\/collectifornormes.fr\/spectaclescollectifornormes\/wp-json\/wp\/v2\/jetpack-portfolio\/97"}],"collection":[{"href":"https:\/\/collectifornormes.fr\/spectaclescollectifornormes\/wp-json\/wp\/v2\/jetpack-portfolio"}],"about":[{"href":"https:\/\/collectifornormes.fr\/spectaclescollectifornormes\/wp-json\/wp\/v2\/types\/jetpack-portfolio"}],"author":[{"embeddable":true,"href":"https:\/\/collectifornormes.fr\/spectaclescollectifornormes\/wp-json\/wp\/v2\/users\/1"}],"replies":[{"embeddable":true,"href":"https:\/\/collectifornormes.fr\/spectaclescollectifornormes\/wp-json\/wp\/v2\/comments?post=97"}],"version-history":[{"count":24,"href":"https:\/\/collectifornormes.fr\/spectaclescollectifornormes\/wp-json\/wp\/v2\/jetpack-portfolio\/97\/revisions"}],"predecessor-version":[{"id":924,"href":"https:\/\/collectifornormes.fr\/spectaclescollectifornormes\/wp-json\/wp\/v2\/jetpack-portfolio\/97\/revisions\/924"}],"wp:featuredmedia":[{"embeddable":true,"href":"https:\/\/collectifornormes.fr\/spectaclescollectifornormes\/wp-json\/wp\/v2\/media\/922"}],"wp:attachment":[{"href":"https:\/\/collectifornormes.fr\/spectaclescollectifornormes\/wp-json\/wp\/v2\/media?parent=97"}],"wp:term":[{"taxonomy":"post_tag","embeddable":true,"href":"https:\/\/collectifornormes.fr\/spectaclescollectifornormes\/wp-json\/wp\/v2\/tags?post=97"},{"taxonomy":"jetpack-portfolio-type","embeddable":true,"href":"https:\/\/collectifornormes.fr\/spectaclescollectifornormes\/wp-json\/wp\/v2\/jetpack-portfolio-type?post=97"},{"taxonomy":"jetpack-portfolio-tag","embeddable":true,"href":"https:\/\/collectifornormes.fr\/spectaclescollectifornormes\/wp-json\/wp\/v2\/jetpack-portfolio-tag?post=97"}],"curies":[{"name":"wp","href":"https:\/\/api.w.org\/{rel}","templated":true}]}}