{"id":628,"date":"2020-09-02T15:30:34","date_gmt":"2020-09-02T13:30:34","guid":{"rendered":"http:\/\/collectifornormes.fr\/spectaclescollectifornormes\/?page_id=628"},"modified":"2023-01-09T16:20:19","modified_gmt":"2023-01-09T15:20:19","slug":"la-maladie-de-la-mort-sur-scene","status":"publish","type":"page","link":"https:\/\/collectifornormes.fr\/spectaclescollectifornormes\/la-maladie-de-la-mort-sur-scene\/","title":{"rendered":"LA MALADIE DE LA MORT &#8211; SUR SCENE"},"content":{"rendered":"\n<div data-carousel-extra='{\"blog_id\":1,\"permalink\":\"https:\\\/\\\/collectifornormes.fr\\\/spectaclescollectifornormes\\\/la-maladie-de-la-mort-sur-scene\\\/\"}' class=\"is-content-justification-center is-layout-flex wp-container-1 wp-block-buttons\">\n<div data-carousel-extra='{\"blog_id\":1,\"permalink\":\"https:\\\/\\\/collectifornormes.fr\\\/spectaclescollectifornormes\\\/la-maladie-de-la-mort-sur-scene\\\/\"}' class=\"wp-block-button is-style-outline\"><a class=\"wp-block-button__link wp-element-button\" href=\"https:\/\/collectifornormes.fr\/spectaclescollectifornormes\/actualite\/\" target=\"_blank\" rel=\"noreferrer noopener\">Retrouvez les dates ici<\/a><\/div>\n<\/div>\n\n\n\n<figure class=\"wp-block-embed is-type-video is-provider-vimeo wp-block-embed-vimeo wp-embed-aspect-16-9 wp-has-aspect-ratio\"><div data-carousel-extra='{\"blog_id\":1,\"permalink\":\"https:\\\/\\\/collectifornormes.fr\\\/spectaclescollectifornormes\\\/la-maladie-de-la-mort-sur-scene\\\/\"}' class=\"wp-block-embed__wrapper\">\n<div class=\"jetpack-video-wrapper\"><div class=\"embed-vimeo\" style=\"text-align: center;\"><iframe loading=\"lazy\" src=\"https:\/\/player.vimeo.com\/video\/367272242\" width=\"764\" height=\"430\" frameborder=\"0\" webkitallowfullscreen mozallowfullscreen allowfullscreen><\/iframe><\/div><\/div>\n<\/div><\/figure>\n\n\n\n<p>La \u00ab Maladie de la Mort \u00bb, c\u2019est la qu\u00eate d\u00e9sesp\u00e9r\u00e9e d\u2019un homme \u00e0 la recherche&nbsp;du sentiment d\u2019amour qu\u2019il esp\u00e8re trouver \u00e0 travers une relation tarif\u00e9e.<\/p>\n\n\n\n<figure class=\"is-layout-flex wp-block-gallery-2 wp-block-gallery has-nested-images columns-3 is-cropped\">\n<figure class=\"wp-block-image size-large\"><a href=\"https:\/\/i0.wp.com\/collectifornormes.fr\/spectaclescollectifornormes\/wp-content\/uploads\/2017\/08\/maladie_de_la_mort-511.jpg?ssl=1\"><img data-attachment-id=\"357\" data-permalink=\"https:\/\/collectifornormes.fr\/spectaclescollectifornormes\/portfolio\/lamaladiedelamort\/maladie_de_la_mort-511\/\" data-orig-file=\"https:\/\/i0.wp.com\/collectifornormes.fr\/spectaclescollectifornormes\/wp-content\/uploads\/2017\/08\/maladie_de_la_mort-511.jpg?fit=1022%2C1533&amp;ssl=1\" data-orig-size=\"1022,1533\" data-comments-opened=\"1\" data-image-meta=\"{&quot;aperture&quot;:&quot;2.8&quot;,&quot;credit&quot;:&quot;PeeAsH&quot;,&quot;camera&quot;:&quot;Canon EOS 7D&quot;,&quot;caption&quot;:&quot;&quot;,&quot;created_timestamp&quot;:&quot;1385558026&quot;,&quot;copyright&quot;:&quot;2011&quot;,&quot;focal_length&quot;:&quot;45&quot;,&quot;iso&quot;:&quot;200&quot;,&quot;shutter_speed&quot;:&quot;0.005&quot;,&quot;title&quot;:&quot;&quot;,&quot;orientation&quot;:&quot;0&quot;}\" data-image-title=\"maladie_de_la_mort-511\" data-image-description=\"\" data-medium-file=\"https:\/\/i0.wp.com\/collectifornormes.fr\/spectaclescollectifornormes\/wp-content\/uploads\/2017\/08\/maladie_de_la_mort-511.jpg?fit=200%2C300&amp;ssl=1\" data-large-file=\"https:\/\/i0.wp.com\/collectifornormes.fr\/spectaclescollectifornormes\/wp-content\/uploads\/2017\/08\/maladie_de_la_mort-511.jpg?fit=683%2C1024&amp;ssl=1\" decoding=\"async\" loading=\"lazy\" width=\"683\" height=\"1024\" data-id=\"357\"  src=\"https:\/\/i0.wp.com\/collectifornormes.fr\/spectaclescollectifornormes\/wp-content\/uploads\/2017\/08\/maladie_de_la_mort-511.jpg?resize=683%2C1024&#038;ssl=1\" alt=\"\" class=\"wp-image-357\" srcset=\"https:\/\/i0.wp.com\/collectifornormes.fr\/spectaclescollectifornormes\/wp-content\/uploads\/2017\/08\/maladie_de_la_mort-511.jpg?resize=683%2C1024&amp;ssl=1 683w, https:\/\/i0.wp.com\/collectifornormes.fr\/spectaclescollectifornormes\/wp-content\/uploads\/2017\/08\/maladie_de_la_mort-511.jpg?resize=200%2C300&amp;ssl=1 200w, https:\/\/i0.wp.com\/collectifornormes.fr\/spectaclescollectifornormes\/wp-content\/uploads\/2017\/08\/maladie_de_la_mort-511.jpg?resize=768%2C1152&amp;ssl=1 768w, https:\/\/i0.wp.com\/collectifornormes.fr\/spectaclescollectifornormes\/wp-content\/uploads\/2017\/08\/maladie_de_la_mort-511.jpg?w=1022&amp;ssl=1 1022w\" sizes=\"(max-width: 683px) 100vw, 683px\" data-recalc-dims=\"1\" \/><\/a><\/figure>\n\n\n\n<figure class=\"wp-block-image size-large\"><a href=\"https:\/\/i0.wp.com\/collectifornormes.fr\/spectaclescollectifornormes\/wp-content\/uploads\/2017\/08\/maladie_de_la_mort-910.jpg?ssl=1\"><img data-attachment-id=\"351\" data-permalink=\"https:\/\/collectifornormes.fr\/spectaclescollectifornormes\/portfolio\/lamaladiedelamort\/maladie_de_la_mort-910\/\" data-orig-file=\"https:\/\/i0.wp.com\/collectifornormes.fr\/spectaclescollectifornormes\/wp-content\/uploads\/2017\/08\/maladie_de_la_mort-910.jpg?fit=1594%2C1063&amp;ssl=1\" data-orig-size=\"1594,1063\" data-comments-opened=\"1\" data-image-meta=\"{&quot;aperture&quot;:&quot;0&quot;,&quot;credit&quot;:&quot;&quot;,&quot;camera&quot;:&quot;&quot;,&quot;caption&quot;:&quot;&quot;,&quot;created_timestamp&quot;:&quot;0&quot;,&quot;copyright&quot;:&quot;2011&quot;,&quot;focal_length&quot;:&quot;0&quot;,&quot;iso&quot;:&quot;0&quot;,&quot;shutter_speed&quot;:&quot;0&quot;,&quot;title&quot;:&quot;&quot;,&quot;orientation&quot;:&quot;0&quot;}\" data-image-title=\"maladie_de_la_mort-910\" data-image-description=\"\" data-medium-file=\"https:\/\/i0.wp.com\/collectifornormes.fr\/spectaclescollectifornormes\/wp-content\/uploads\/2017\/08\/maladie_de_la_mort-910.jpg?fit=300%2C200&amp;ssl=1\" data-large-file=\"https:\/\/i0.wp.com\/collectifornormes.fr\/spectaclescollectifornormes\/wp-content\/uploads\/2017\/08\/maladie_de_la_mort-910.jpg?fit=764%2C510&amp;ssl=1\" decoding=\"async\" loading=\"lazy\" width=\"764\" height=\"510\" data-id=\"351\"  src=\"https:\/\/i0.wp.com\/collectifornormes.fr\/spectaclescollectifornormes\/wp-content\/uploads\/2017\/08\/maladie_de_la_mort-910.jpg?resize=764%2C510&#038;ssl=1\" alt=\"\" class=\"wp-image-351\" srcset=\"https:\/\/i0.wp.com\/collectifornormes.fr\/spectaclescollectifornormes\/wp-content\/uploads\/2017\/08\/maladie_de_la_mort-910.jpg?resize=1024%2C683&amp;ssl=1 1024w, https:\/\/i0.wp.com\/collectifornormes.fr\/spectaclescollectifornormes\/wp-content\/uploads\/2017\/08\/maladie_de_la_mort-910.jpg?resize=300%2C200&amp;ssl=1 300w, https:\/\/i0.wp.com\/collectifornormes.fr\/spectaclescollectifornormes\/wp-content\/uploads\/2017\/08\/maladie_de_la_mort-910.jpg?resize=768%2C512&amp;ssl=1 768w, https:\/\/i0.wp.com\/collectifornormes.fr\/spectaclescollectifornormes\/wp-content\/uploads\/2017\/08\/maladie_de_la_mort-910.jpg?w=1594&amp;ssl=1 1594w, https:\/\/i0.wp.com\/collectifornormes.fr\/spectaclescollectifornormes\/wp-content\/uploads\/2017\/08\/maladie_de_la_mort-910.jpg?w=1528&amp;ssl=1 1528w\" sizes=\"(max-width: 764px) 100vw, 764px\" data-recalc-dims=\"1\" \/><\/a><\/figure>\n<\/figure>\n\n\n\n<p>Sur sc\u00e8ne et en salle, la temporalit\u00e9 est plurielle : Un homme lit une histoire v\u00e9cue,&nbsp;pass\u00e9e (dont il finira par douter de l\u2019existence). Une femme vit l\u2019instant pr\u00e9sent&nbsp;de cette narration, le corps \u00e9prouv\u00e9 par un \u00e9tat de danse, seule dans la&nbsp;chambre, espace num\u00e9rique et lieu d\u2019exp\u00e9rimentation du sexe oppos\u00e9.<\/p>\n\n\n\n<p><div class=\"jetpack-video-wrapper\"><div class=\"embed-vimeo\" style=\"text-align: center;\"><iframe loading=\"lazy\" src=\"https:\/\/player.vimeo.com\/video\/87503033\" width=\"764\" height=\"430\" frameborder=\"0\" webkitallowfullscreen mozallowfullscreen allowfullscreen><\/iframe><\/div><\/div><\/p>\n\n\n\n<h3>Spectacle multim\u00e9dia entre performance \u00e9lectro-th\u00e9\u00e2trale&nbsp;et chor\u00e9graphie sous vid\u00e9o-surveillance.<\/h3>\n\n\n\n<figure class=\"is-layout-flex wp-block-gallery-4 wp-block-gallery has-nested-images columns-3 is-cropped\">\n<figure class=\"wp-block-image size-large\"><a href=\"https:\/\/i1.wp.com\/collectifornormes.fr\/spectaclescollectifornormes\/wp-content\/uploads\/2017\/08\/maladie_de_la_mort-667.jpg?ssl=1\"><img data-attachment-id=\"355\" data-permalink=\"https:\/\/collectifornormes.fr\/spectaclescollectifornormes\/portfolio\/lamaladiedelamort\/maladie_de_la_mort-667\/\" data-orig-file=\"https:\/\/i1.wp.com\/collectifornormes.fr\/spectaclescollectifornormes\/wp-content\/uploads\/2017\/08\/maladie_de_la_mort-667.jpg?fit=964%2C1446&amp;ssl=1\" data-orig-size=\"964,1446\" data-comments-opened=\"1\" data-image-meta=\"{&quot;aperture&quot;:&quot;0&quot;,&quot;credit&quot;:&quot;&quot;,&quot;camera&quot;:&quot;&quot;,&quot;caption&quot;:&quot;&quot;,&quot;created_timestamp&quot;:&quot;0&quot;,&quot;copyright&quot;:&quot;2011&quot;,&quot;focal_length&quot;:&quot;0&quot;,&quot;iso&quot;:&quot;0&quot;,&quot;shutter_speed&quot;:&quot;0&quot;,&quot;title&quot;:&quot;&quot;,&quot;orientation&quot;:&quot;0&quot;}\" data-image-title=\"maladie_de_la_mort-667\" data-image-description=\"\" data-medium-file=\"https:\/\/i1.wp.com\/collectifornormes.fr\/spectaclescollectifornormes\/wp-content\/uploads\/2017\/08\/maladie_de_la_mort-667.jpg?fit=200%2C300&amp;ssl=1\" data-large-file=\"https:\/\/i1.wp.com\/collectifornormes.fr\/spectaclescollectifornormes\/wp-content\/uploads\/2017\/08\/maladie_de_la_mort-667.jpg?fit=683%2C1024&amp;ssl=1\" decoding=\"async\" loading=\"lazy\" width=\"683\" height=\"1024\" data-id=\"355\"  src=\"https:\/\/i1.wp.com\/collectifornormes.fr\/spectaclescollectifornormes\/wp-content\/uploads\/2017\/08\/maladie_de_la_mort-667.jpg?resize=683%2C1024&#038;ssl=1\" alt=\"\" class=\"wp-image-355\" srcset=\"https:\/\/i1.wp.com\/collectifornormes.fr\/spectaclescollectifornormes\/wp-content\/uploads\/2017\/08\/maladie_de_la_mort-667.jpg?resize=683%2C1024&amp;ssl=1 683w, https:\/\/i1.wp.com\/collectifornormes.fr\/spectaclescollectifornormes\/wp-content\/uploads\/2017\/08\/maladie_de_la_mort-667.jpg?resize=200%2C300&amp;ssl=1 200w, https:\/\/i1.wp.com\/collectifornormes.fr\/spectaclescollectifornormes\/wp-content\/uploads\/2017\/08\/maladie_de_la_mort-667.jpg?resize=768%2C1152&amp;ssl=1 768w, https:\/\/i1.wp.com\/collectifornormes.fr\/spectaclescollectifornormes\/wp-content\/uploads\/2017\/08\/maladie_de_la_mort-667.jpg?w=964&amp;ssl=1 964w\" sizes=\"(max-width: 683px) 100vw, 683px\" data-recalc-dims=\"1\" \/><\/a><\/figure>\n\n\n\n<figure class=\"wp-block-image size-large\"><a href=\"https:\/\/i0.wp.com\/collectifornormes.fr\/spectaclescollectifornormes\/wp-content\/uploads\/2017\/08\/maladiemort_174.jpg?ssl=1\"><img data-attachment-id=\"109\" data-permalink=\"https:\/\/collectifornormes.fr\/spectaclescollectifornormes\/portfolio\/lamaladiedelamort\/maladiemort_174\/\" data-orig-file=\"https:\/\/i0.wp.com\/collectifornormes.fr\/spectaclescollectifornormes\/wp-content\/uploads\/2017\/08\/maladiemort_174.jpg?fit=1200%2C800&amp;ssl=1\" data-orig-size=\"1200,800\" data-comments-opened=\"1\" data-image-meta=\"{&quot;aperture&quot;:&quot;1.2&quot;,&quot;credit&quot;:&quot;Nicola-F Vachon&quot;,&quot;camera&quot;:&quot;Canon EOS 5D Mark II&quot;,&quot;caption&quot;:&quot;&quot;,&quot;created_timestamp&quot;:&quot;1307715408&quot;,&quot;copyright&quot;:&quot;\\u00a9Nicola-F Vachon&quot;,&quot;focal_length&quot;:&quot;85&quot;,&quot;iso&quot;:&quot;3200&quot;,&quot;shutter_speed&quot;:&quot;0.016666666666667&quot;,&quot;title&quot;:&quot;&quot;,&quot;orientation&quot;:&quot;0&quot;}\" data-image-title=\"MaladieMort_174\" data-image-description=\"\" data-medium-file=\"https:\/\/i0.wp.com\/collectifornormes.fr\/spectaclescollectifornormes\/wp-content\/uploads\/2017\/08\/maladiemort_174.jpg?fit=300%2C200&amp;ssl=1\" data-large-file=\"https:\/\/i0.wp.com\/collectifornormes.fr\/spectaclescollectifornormes\/wp-content\/uploads\/2017\/08\/maladiemort_174.jpg?fit=764%2C510&amp;ssl=1\" decoding=\"async\" loading=\"lazy\" width=\"764\" height=\"510\" data-id=\"109\"  src=\"https:\/\/i0.wp.com\/collectifornormes.fr\/spectaclescollectifornormes\/wp-content\/uploads\/2017\/08\/maladiemort_174.jpg?resize=764%2C510&#038;ssl=1\" alt=\"\" class=\"wp-image-109\" srcset=\"https:\/\/i0.wp.com\/collectifornormes.fr\/spectaclescollectifornormes\/wp-content\/uploads\/2017\/08\/maladiemort_174.jpg?resize=1024%2C683&amp;ssl=1 1024w, https:\/\/i0.wp.com\/collectifornormes.fr\/spectaclescollectifornormes\/wp-content\/uploads\/2017\/08\/maladiemort_174.jpg?resize=300%2C200&amp;ssl=1 300w, https:\/\/i0.wp.com\/collectifornormes.fr\/spectaclescollectifornormes\/wp-content\/uploads\/2017\/08\/maladiemort_174.jpg?resize=768%2C512&amp;ssl=1 768w, https:\/\/i0.wp.com\/collectifornormes.fr\/spectaclescollectifornormes\/wp-content\/uploads\/2017\/08\/maladiemort_174.jpg?w=1200&amp;ssl=1 1200w\" sizes=\"(max-width: 764px) 100vw, 764px\" data-recalc-dims=\"1\" \/><\/a><\/figure>\n<\/figure>\n\n\n\n<h6>Spectacle adulte, 1 heure. Toujours en diffusion<\/h6>\n\n\n\n<h6>Spectacle multim\u00e9dia entre performance \u00e9lectro-th\u00e9\u00e2trale et chor\u00e9graphie sous vid\u00e9o-surveillance.<br>Avec Alexandra Naudet, Bertrand Farge, David Couturier et Martin Rossi<br>Mise en sc\u00e8ne : Christelle Derr\u00e9.<br>Chor\u00e9graphie : Odile Azagury.<br>Concept Multim\u00e9dia : Collectif Or NOrmes.<\/h6>\n\n\n\n<figure class=\"is-layout-flex wp-block-gallery-6 wp-block-gallery has-nested-images columns-2 is-cropped\">\n<figure class=\"wp-block-image size-large\"><a href=\"https:\/\/i2.wp.com\/collectifornormes.fr\/spectaclescollectifornormes\/wp-content\/uploads\/2017\/08\/maladie_de_la_mort-899.jpg?ssl=1\"><img data-attachment-id=\"353\" data-permalink=\"https:\/\/collectifornormes.fr\/spectaclescollectifornormes\/portfolio\/lamaladiedelamort\/maladie_de_la_mort-899\/\" data-orig-file=\"https:\/\/i2.wp.com\/collectifornormes.fr\/spectaclescollectifornormes\/wp-content\/uploads\/2017\/08\/maladie_de_la_mort-899.jpg?fit=1594%2C1063&amp;ssl=1\" data-orig-size=\"1594,1063\" data-comments-opened=\"1\" data-image-meta=\"{&quot;aperture&quot;:&quot;2.8&quot;,&quot;credit&quot;:&quot;PeeAsH&quot;,&quot;camera&quot;:&quot;Canon EOS 7D&quot;,&quot;caption&quot;:&quot;&quot;,&quot;created_timestamp&quot;:&quot;1385571872&quot;,&quot;copyright&quot;:&quot;2011&quot;,&quot;focal_length&quot;:&quot;52&quot;,&quot;iso&quot;:&quot;125&quot;,&quot;shutter_speed&quot;:&quot;0.008&quot;,&quot;title&quot;:&quot;&quot;,&quot;orientation&quot;:&quot;0&quot;}\" data-image-title=\"maladie_de_la_mort-899\" data-image-description=\"\" data-medium-file=\"https:\/\/i2.wp.com\/collectifornormes.fr\/spectaclescollectifornormes\/wp-content\/uploads\/2017\/08\/maladie_de_la_mort-899.jpg?fit=300%2C200&amp;ssl=1\" data-large-file=\"https:\/\/i2.wp.com\/collectifornormes.fr\/spectaclescollectifornormes\/wp-content\/uploads\/2017\/08\/maladie_de_la_mort-899.jpg?fit=764%2C510&amp;ssl=1\" decoding=\"async\" loading=\"lazy\" width=\"764\" height=\"510\" data-id=\"353\"  src=\"https:\/\/i2.wp.com\/collectifornormes.fr\/spectaclescollectifornormes\/wp-content\/uploads\/2017\/08\/maladie_de_la_mort-899.jpg?resize=764%2C510&#038;ssl=1\" alt=\"\" class=\"wp-image-353\" srcset=\"https:\/\/i2.wp.com\/collectifornormes.fr\/spectaclescollectifornormes\/wp-content\/uploads\/2017\/08\/maladie_de_la_mort-899.jpg?resize=1024%2C683&amp;ssl=1 1024w, https:\/\/i2.wp.com\/collectifornormes.fr\/spectaclescollectifornormes\/wp-content\/uploads\/2017\/08\/maladie_de_la_mort-899.jpg?resize=300%2C200&amp;ssl=1 300w, https:\/\/i2.wp.com\/collectifornormes.fr\/spectaclescollectifornormes\/wp-content\/uploads\/2017\/08\/maladie_de_la_mort-899.jpg?resize=768%2C512&amp;ssl=1 768w, https:\/\/i2.wp.com\/collectifornormes.fr\/spectaclescollectifornormes\/wp-content\/uploads\/2017\/08\/maladie_de_la_mort-899.jpg?w=1594&amp;ssl=1 1594w, https:\/\/i2.wp.com\/collectifornormes.fr\/spectaclescollectifornormes\/wp-content\/uploads\/2017\/08\/maladie_de_la_mort-899.jpg?w=1528&amp;ssl=1 1528w\" sizes=\"(max-width: 764px) 100vw, 764px\" data-recalc-dims=\"1\" \/><\/a><\/figure>\n\n\n\n<figure class=\"wp-block-image size-large\"><a href=\"https:\/\/i1.wp.com\/collectifornormes.fr\/spectaclescollectifornormes\/wp-content\/uploads\/2017\/08\/maladie_de_la_mort-869.jpg?ssl=1\"><img data-attachment-id=\"352\" data-permalink=\"https:\/\/collectifornormes.fr\/spectaclescollectifornormes\/portfolio\/lamaladiedelamort\/maladie_de_la_mort-869\/\" data-orig-file=\"https:\/\/i1.wp.com\/collectifornormes.fr\/spectaclescollectifornormes\/wp-content\/uploads\/2017\/08\/maladie_de_la_mort-869.jpg?fit=964%2C1446&amp;ssl=1\" data-orig-size=\"964,1446\" data-comments-opened=\"1\" data-image-meta=\"{&quot;aperture&quot;:&quot;0&quot;,&quot;credit&quot;:&quot;&quot;,&quot;camera&quot;:&quot;&quot;,&quot;caption&quot;:&quot;&quot;,&quot;created_timestamp&quot;:&quot;0&quot;,&quot;copyright&quot;:&quot;2011&quot;,&quot;focal_length&quot;:&quot;0&quot;,&quot;iso&quot;:&quot;0&quot;,&quot;shutter_speed&quot;:&quot;0&quot;,&quot;title&quot;:&quot;&quot;,&quot;orientation&quot;:&quot;0&quot;}\" data-image-title=\"maladie_de_la_mort-869\" data-image-description=\"\" data-medium-file=\"https:\/\/i1.wp.com\/collectifornormes.fr\/spectaclescollectifornormes\/wp-content\/uploads\/2017\/08\/maladie_de_la_mort-869.jpg?fit=200%2C300&amp;ssl=1\" data-large-file=\"https:\/\/i1.wp.com\/collectifornormes.fr\/spectaclescollectifornormes\/wp-content\/uploads\/2017\/08\/maladie_de_la_mort-869.jpg?fit=683%2C1024&amp;ssl=1\" decoding=\"async\" loading=\"lazy\" width=\"683\" height=\"1024\" data-id=\"352\"  src=\"https:\/\/i1.wp.com\/collectifornormes.fr\/spectaclescollectifornormes\/wp-content\/uploads\/2017\/08\/maladie_de_la_mort-869.jpg?resize=683%2C1024&#038;ssl=1\" alt=\"\" class=\"wp-image-352\" srcset=\"https:\/\/i1.wp.com\/collectifornormes.fr\/spectaclescollectifornormes\/wp-content\/uploads\/2017\/08\/maladie_de_la_mort-869.jpg?resize=683%2C1024&amp;ssl=1 683w, https:\/\/i1.wp.com\/collectifornormes.fr\/spectaclescollectifornormes\/wp-content\/uploads\/2017\/08\/maladie_de_la_mort-869.jpg?resize=200%2C300&amp;ssl=1 200w, https:\/\/i1.wp.com\/collectifornormes.fr\/spectaclescollectifornormes\/wp-content\/uploads\/2017\/08\/maladie_de_la_mort-869.jpg?resize=768%2C1152&amp;ssl=1 768w, https:\/\/i1.wp.com\/collectifornormes.fr\/spectaclescollectifornormes\/wp-content\/uploads\/2017\/08\/maladie_de_la_mort-869.jpg?w=964&amp;ssl=1 964w\" sizes=\"(max-width: 683px) 100vw, 683px\" data-recalc-dims=\"1\" \/><\/a><\/figure>\n<\/figure>\n\n\n\n<h6>La Maladie de la mort sur sc\u00e8ne, fait partie d&rsquo;un projet transm\u00e9dia proposant un spectacle, un film et une fiction sur les r\u00e9seaux sociaux.<\/h6>\n\n\n\n<h6>Avec l&rsquo;aide de ADAMI, SPEDIDAM, R\u00e9gion NOUVELLE AQUITAINE, VILLE DE POITIERS, Maison des 3 quartiers<\/h6>\n\n\n\n<h6>Voir aussi :<br><a href=\"http:\/\/dekabrothers.com\">http:\/\/dekabrothers.com<\/a>,&nbsp;<a href=\"http:\/\/coutusoundmaker.com\/\">http:\/\/coutusoundmaker.com<\/a><\/h6>\n\n\n\n<div data-carousel-extra='{\"blog_id\":1,\"permalink\":\"https:\\\/\\\/collectifornormes.fr\\\/spectaclescollectifornormes\\\/la-maladie-de-la-mort-sur-scene\\\/\"}' class=\"wp-block-file\"><object class=\"wp-block-file__embed\" data=\"https:\/\/collectifornormes.fr\/spectaclescollectifornormes\/wp-content\/uploads\/2023\/01\/Copie-de-Diff-LMDLM-2020-COLLECTIF-OR-NORMES.pdf\" type=\"application\/pdf\" style=\"width:100%;height:600px\" aria-label=\"Contenu embarqu\u00e9 Dossier de Pr\u00e9sentation La Maladie de la Mort (spectacle).\"><\/object><a id=\"wp-block-file--media-c54819c2-7a77-4eaf-a86a-c5c1dc25e2df\" href=\"https:\/\/collectifornormes.fr\/spectaclescollectifornormes\/wp-content\/uploads\/2023\/01\/Copie-de-Diff-LMDLM-2020-COLLECTIF-OR-NORMES.pdf\">Dossier de Pr\u00e9sentation La Maladie de la Mort (spectacle)<\/a><a href=\"https:\/\/collectifornormes.fr\/spectaclescollectifornormes\/wp-content\/uploads\/2023\/01\/Copie-de-Diff-LMDLM-2020-COLLECTIF-OR-NORMES.pdf\" class=\"wp-block-file__button wp-element-button\" download aria-describedby=\"wp-block-file--media-c54819c2-7a77-4eaf-a86a-c5c1dc25e2df\">T\u00e9l\u00e9charger<\/a><\/div>\n","protected":false},"excerpt":{"rendered":"<p>La \u00ab Maladie de la Mort \u00bb, c\u2019est la qu\u00eate d\u00e9sesp\u00e9r\u00e9e d\u2019un homme \u00e0 la recherche&nbsp;du sentiment d\u2019amour qu\u2019il esp\u00e8re trouver \u00e0 travers une relation tarif\u00e9e. Sur sc\u00e8ne et en salle, la temporalit\u00e9 est plurielle : Un homme lit une histoire v\u00e9cue,&nbsp;pass\u00e9e (dont il finira par douter de l\u2019existence). Une femme vit l\u2019instant pr\u00e9sent&nbsp;de cette [&hellip;]<\/p>\n","protected":false},"author":1,"featured_media":0,"parent":0,"menu_order":0,"comment_status":"closed","ping_status":"closed","template":"","meta":{"spay_email":""},"tags":[],"jetpack_sharing_enabled":true,"jetpack_shortlink":"https:\/\/wp.me\/P9dEJz-a8","jetpack_likes_enabled":true,"_links":{"self":[{"href":"https:\/\/collectifornormes.fr\/spectaclescollectifornormes\/wp-json\/wp\/v2\/pages\/628"}],"collection":[{"href":"https:\/\/collectifornormes.fr\/spectaclescollectifornormes\/wp-json\/wp\/v2\/pages"}],"about":[{"href":"https:\/\/collectifornormes.fr\/spectaclescollectifornormes\/wp-json\/wp\/v2\/types\/page"}],"author":[{"embeddable":true,"href":"https:\/\/collectifornormes.fr\/spectaclescollectifornormes\/wp-json\/wp\/v2\/users\/1"}],"replies":[{"embeddable":true,"href":"https:\/\/collectifornormes.fr\/spectaclescollectifornormes\/wp-json\/wp\/v2\/comments?post=628"}],"version-history":[{"count":7,"href":"https:\/\/collectifornormes.fr\/spectaclescollectifornormes\/wp-json\/wp\/v2\/pages\/628\/revisions"}],"predecessor-version":[{"id":882,"href":"https:\/\/collectifornormes.fr\/spectaclescollectifornormes\/wp-json\/wp\/v2\/pages\/628\/revisions\/882"}],"wp:attachment":[{"href":"https:\/\/collectifornormes.fr\/spectaclescollectifornormes\/wp-json\/wp\/v2\/media?parent=628"}],"wp:term":[{"taxonomy":"post_tag","embeddable":true,"href":"https:\/\/collectifornormes.fr\/spectaclescollectifornormes\/wp-json\/wp\/v2\/tags?post=628"}],"curies":[{"name":"wp","href":"https:\/\/api.w.org\/{rel}","templated":true}]}}